{"id":20485,"date":"2022-12-02T18:21:18","date_gmt":"2022-12-02T18:21:18","guid":{"rendered":"https:\/\/erec-cm.com\/index.php\/product\/casque-a-secher-mural-pour-salon-esthetique\/"},"modified":"2026-04-29T11:17:44","modified_gmt":"2026-04-29T11:17:44","slug":"casque-a-secher-mural-pour-salon-esthetique","status":"publish","type":"product","link":"https:\/\/erec-cm.com\/index.php\/product\/casque-a-secher-mural-pour-salon-esthetique\/","title":{"rendered":"Casque \u00e0 s\u00e9cher mural pour salon esth\u00e9tique"},"content":{"rendered":"<p>Sur erec-cm.com, vous  n&rsquo;aurez que la qualit\u00e9.<br \/>\nNon seulement ce fauteuil de barbier a le plus grand diam\u00e8tre de pompe et la plaque de base hydraulique de l&rsquo;industrie des fauteuils de barbier, mais il offre tout le confort avec style.<br \/>\n Cette chaise trouv\u00e9 sur erec-cm.com, offre un style classique et un m\u00e9canisme robuste qui garantit que cette chaise fonctionnera bien pendant des ann\u00e9es. erec-cm.com vous en donne la garantie<\/p>\n","protected":false},"excerpt":{"rendered":"<p>Cuir en PVC.<br \/>\nRembourrage: \u00e9ponge \u00e0 haute densit\u00e9.<br \/>\nR\u00e9glable Plage de hauteur: environ 13 cm.<br \/>\nDossier r\u00e9glable.<br \/>\nCapacit\u00e9 de levage: 200 KGS.<br \/>\nAscenseur hydraulique, \u00e0 base de fer \u00e9lectrolytique.<\/p>\n","protected":false},"featured_media":20431,"comment_status":"open","ping_status":"closed","template":"","meta":[],"product_cat":[121],"product_tag":[],"class_list":{"0":"post-20485","1":"product","2":"type-product","3":"status-publish","4":"has-post-thumbnail","6":"product_cat-materiel-de-coiffure-femme","9":"first","10":"instock","11":"shipping-taxable","12":"purchasable","13":"product-type-simple"},"yoast_head":"<!-- This site is optimized with the Yoast SEO plugin v23.2 - https:\/\/yoast.com\/wordpress\/plugins\/seo\/ -->\n<title>Casque \u00e0 s\u00e9cher mural pour salon esth\u00e9tique - Erec Cameroun<\/title>\n<meta name=\"robots\" content=\"index, follow, max-snippet:-1, max-image-preview:large, max-video-preview:-1\" \/>\n<link rel=\"canonical\" href=\"https:\/\/erec-cm.com\/index.php\/product\/casque-a-secher-mural-pour-salon-esthetique\/\" \/>\n<meta property=\"og:locale\" content=\"fr_FR\" \/>\n<meta property=\"og:type\" content=\"article\" \/>\n<meta property=\"og:title\" content=\"Casque \u00e0 s\u00e9cher mural pour salon esth\u00e9tique - Erec Cameroun\" \/>\n<meta property=\"og:description\" content=\"Cuir en PVC. Rembourrage: \u00e9ponge \u00e0 haute densit\u00e9. R\u00e9glable Plage de hauteur: environ 13 cm. Dossier r\u00e9glable. Capacit\u00e9 de levage: 200 KGS. Ascenseur hydraulique, \u00e0 base de fer \u00e9lectrolytique.\" \/>\n<meta property=\"og:url\" content=\"https:\/\/erec-cm.com\/index.php\/product\/casque-a-secher-mural-pour-salon-esthetique\/\" \/>\n<meta property=\"og:site_name\" content=\"Erec Cameroun\" \/>\n<meta property=\"article:modified_time\" content=\"2026-04-29T11:17:44+00:00\" \/>\n<meta name=\"twitter:card\" content=\"summary_large_image\" \/>\n<script type=\"application\/ld+json\" class=\"yoast-schema-graph\">{\"@context\":\"https:\/\/schema.org\",\"@graph\":[{\"@type\":\"WebPage\",\"@id\":\"https:\/\/erec-cm.com\/index.php\/product\/casque-a-secher-mural-pour-salon-esthetique\/\",\"url\":\"https:\/\/erec-cm.com\/index.php\/product\/casque-a-secher-mural-pour-salon-esthetique\/\",\"name\":\"Casque \u00e0 s\u00e9cher mural pour salon esth\u00e9tique - Erec Cameroun\",\"isPartOf\":{\"@id\":\"https:\/\/erec-cm.com\/#website\"},\"primaryImageOfPage\":{\"@id\":\"https:\/\/erec-cm.com\/index.php\/product\/casque-a-secher-mural-pour-salon-esthetique\/#primaryimage\"},\"image\":{\"@id\":\"https:\/\/erec-cm.com\/index.php\/product\/casque-a-secher-mural-pour-salon-esthetique\/#primaryimage\"},\"thumbnailUrl\":\"https:\/\/erec-cm.com\/wp-content\/uploads\/2022\/12\/Casque-a-secher-mural.jpg\",\"datePublished\":\"2022-12-02T18:21:18+00:00\",\"dateModified\":\"2026-04-29T11:17:44+00:00\",\"breadcrumb\":{\"@id\":\"https:\/\/erec-cm.com\/index.php\/product\/casque-a-secher-mural-pour-salon-esthetique\/#breadcrumb\"},\"inLanguage\":\"fr-FR\",\"potentialAction\":[{\"@type\":\"ReadAction\",\"target\":[\"https:\/\/erec-cm.com\/index.php\/product\/casque-a-secher-mural-pour-salon-esthetique\/\"]}]},{\"@type\":\"ImageObject\",\"inLanguage\":\"fr-FR\",\"@id\":\"https:\/\/erec-cm.com\/index.php\/product\/casque-a-secher-mural-pour-salon-esthetique\/#primaryimage\",\"url\":\"https:\/\/erec-cm.com\/wp-content\/uploads\/2022\/12\/Casque-a-secher-mural.jpg\",\"contentUrl\":\"https:\/\/erec-cm.com\/wp-content\/uploads\/2022\/12\/Casque-a-secher-mural.jpg\",\"width\":1000,\"height\":1000},{\"@type\":\"BreadcrumbList\",\"@id\":\"https:\/\/erec-cm.com\/index.php\/product\/casque-a-secher-mural-pour-salon-esthetique\/#breadcrumb\",\"itemListElement\":[{\"@type\":\"ListItem\",\"position\":1,\"name\":\"Home\",\"item\":\"https:\/\/erec-cm.com\/\"},{\"@type\":\"ListItem\",\"position\":2,\"name\":\"Shop\",\"item\":\"https:\/\/erec-cm.com\/index.php\/shop\/\"},{\"@type\":\"ListItem\",\"position\":3,\"name\":\"Casque \u00e0 s\u00e9cher mural pour salon esth\u00e9tique\"}]},{\"@type\":\"WebSite\",\"@id\":\"https:\/\/erec-cm.com\/#website\",\"url\":\"https:\/\/erec-cm.com\/\",\"name\":\"Erec Cameroun\",\"description\":\"Just another WordPress site\",\"potentialAction\":[{\"@type\":\"SearchAction\",\"target\":{\"@type\":\"EntryPoint\",\"urlTemplate\":\"https:\/\/erec-cm.com\/?s={search_term_string}\"},\"query-input\":\"required name=search_term_string\"}],\"inLanguage\":\"fr-FR\"}]}<\/script>\n<!-- \/ Yoast SEO plugin. -->","yoast_head_json":{"title":"Casque \u00e0 s\u00e9cher mural pour salon esth\u00e9tique - Erec Cameroun","robots":{"index":"index","follow":"follow","max-snippet":"max-snippet:-1","max-image-preview":"max-image-preview:large","max-video-preview":"max-video-preview:-1"},"canonical":"https:\/\/erec-cm.com\/index.php\/product\/casque-a-secher-mural-pour-salon-esthetique\/","og_locale":"fr_FR","og_type":"article","og_title":"Casque \u00e0 s\u00e9cher mural pour salon esth\u00e9tique - Erec Cameroun","og_description":"Cuir en PVC. Rembourrage: \u00e9ponge \u00e0 haute densit\u00e9. R\u00e9glable Plage de hauteur: environ 13 cm. Dossier r\u00e9glable. Capacit\u00e9 de levage: 200 KGS. Ascenseur hydraulique, \u00e0 base de fer \u00e9lectrolytique.","og_url":"https:\/\/erec-cm.com\/index.php\/product\/casque-a-secher-mural-pour-salon-esthetique\/","og_site_name":"Erec Cameroun","article_modified_time":"2026-04-29T11:17:44+00:00","twitter_card":"summary_large_image","schema":{"@context":"https:\/\/schema.org","@graph":[{"@type":"WebPage","@id":"https:\/\/erec-cm.com\/index.php\/product\/casque-a-secher-mural-pour-salon-esthetique\/","url":"https:\/\/erec-cm.com\/index.php\/product\/casque-a-secher-mural-pour-salon-esthetique\/","name":"Casque \u00e0 s\u00e9cher mural pour salon esth\u00e9tique - Erec Cameroun","isPartOf":{"@id":"https:\/\/erec-cm.com\/#website"},"primaryImageOfPage":{"@id":"https:\/\/erec-cm.com\/index.php\/product\/casque-a-secher-mural-pour-salon-esthetique\/#primaryimage"},"image":{"@id":"https:\/\/erec-cm.com\/index.php\/product\/casque-a-secher-mural-pour-salon-esthetique\/#primaryimage"},"thumbnailUrl":"https:\/\/erec-cm.com\/wp-content\/uploads\/2022\/12\/Casque-a-secher-mural.jpg","datePublished":"2022-12-02T18:21:18+00:00","dateModified":"2026-04-29T11:17:44+00:00","breadcrumb":{"@id":"https:\/\/erec-cm.com\/index.php\/product\/casque-a-secher-mural-pour-salon-esthetique\/#breadcrumb"},"inLanguage":"fr-FR","potentialAction":[{"@type":"ReadAction","target":["https:\/\/erec-cm.com\/index.php\/product\/casque-a-secher-mural-pour-salon-esthetique\/"]}]},{"@type":"ImageObject","inLanguage":"fr-FR","@id":"https:\/\/erec-cm.com\/index.php\/product\/casque-a-secher-mural-pour-salon-esthetique\/#primaryimage","url":"https:\/\/erec-cm.com\/wp-content\/uploads\/2022\/12\/Casque-a-secher-mural.jpg","contentUrl":"https:\/\/erec-cm.com\/wp-content\/uploads\/2022\/12\/Casque-a-secher-mural.jpg","width":1000,"height":1000},{"@type":"BreadcrumbList","@id":"https:\/\/erec-cm.com\/index.php\/product\/casque-a-secher-mural-pour-salon-esthetique\/#breadcrumb","itemListElement":[{"@type":"ListItem","position":1,"name":"Home","item":"https:\/\/erec-cm.com\/"},{"@type":"ListItem","position":2,"name":"Shop","item":"https:\/\/erec-cm.com\/index.php\/shop\/"},{"@type":"ListItem","position":3,"name":"Casque \u00e0 s\u00e9cher mural pour salon esth\u00e9tique"}]},{"@type":"WebSite","@id":"https:\/\/erec-cm.com\/#website","url":"https:\/\/erec-cm.com\/","name":"Erec Cameroun","description":"Just another WordPress site","potentialAction":[{"@type":"SearchAction","target":{"@type":"EntryPoint","urlTemplate":"https:\/\/erec-cm.com\/?s={search_term_string}"},"query-input":"required name=search_term_string"}],"inLanguage":"fr-FR"}]}},"_links":{"self":[{"href":"https:\/\/erec-cm.com\/index.php\/wp-json\/wp\/v2\/product\/20485","targetHints":{"allow":["GET"]}}],"collection":[{"href":"https:\/\/erec-cm.com\/index.php\/wp-json\/wp\/v2\/product"}],"about":[{"href":"https:\/\/erec-cm.com\/index.php\/wp-json\/wp\/v2\/types\/product"}],"replies":[{"embeddable":true,"href":"https:\/\/erec-cm.com\/index.php\/wp-json\/wp\/v2\/comments?post=20485"}],"wp:featuredmedia":[{"embeddable":true,"href":"https:\/\/erec-cm.com\/index.php\/wp-json\/wp\/v2\/media\/20431"}],"wp:attachment":[{"href":"https:\/\/erec-cm.com\/index.php\/wp-json\/wp\/v2\/media?parent=20485"}],"wp:term":[{"taxonomy":"product_cat","embeddable":true,"href":"https:\/\/erec-cm.com\/index.php\/wp-json\/wp\/v2\/product_cat?post=20485"},{"taxonomy":"product_tag","embeddable":true,"href":"https:\/\/erec-cm.com\/index.php\/wp-json\/wp\/v2\/product_tag?post=20485"}],"curies":[{"name":"wp","href":"https:\/\/api.w.org\/{rel}","templated":true}]}}